{"id":4220,"date":"2026-01-06T23:18:27","date_gmt":"2026-01-06T22:18:27","guid":{"rendered":"https:\/\/www.scaleinalluminio.it\/pedane2\/?post_type=product&#038;p=4220"},"modified":"2026-01-07T23:25:49","modified_gmt":"2026-01-07T22:25:49","slug":"piattaforma-saliscendi-sm250-130x70-extralarge","status":"publish","type":"product","link":"https:\/\/www.scaleinalluminio.it\/pedane\/saliscendi\/piattaforma-saliscendi-sm250-130x70-extralarge","title":{"rendered":"Piattaforma saliscendi SM250 130&#215;70 extralarge"},"content":{"rendered":"<p>Pedane speciali Media e Grande con piattaforma cm 130&#215;70<br \/>\nPer utilizzo professionale \u00e8 costruita in alluminio estruso nervato.<br \/>\nI gradini sono saldati ai montanti per creare un monolito ultraresistente.<br \/>\nPresenta una larghezza maggiorata (70 cm) rispetto al modello standard per potersi pi\u00f9 comodamente spostare lateralmente alla zona di intervento.<br \/>\nProgettato per fotografi, muratori, controsoffittisti, imbianchini e stuccatori.<br \/>\nE\u2019 ideale soprattutto per carrozzieri poich\u00e9 consente di verniciare con continuit\u00e0 i tetti delle monovolume e dei fuoristrada senza mai staccare il flusso della vernice.<br \/>\nE&#8217; richiudibile con cerniera e blocco di sicurezza e le gambe della pedana si aprono e si chiudono con estrema facilit\u00e0.<br \/>\nE\u2019 dotato di piano di calpestio in legno antisdrucciolo verniciato resistente alle intemperie.<\/p>\n\n<table id=\"tablepress-SaliscendiExtralarge\" class=\"tablepress tablepress-id-SaliscendiExtralarge\">\n<thead>\n<tr class=\"row-1 odd\">\n\t<th class=\"column-1\"><\/th><th class=\"column-2\">Saliscendi SM<\/th><th class=\"column-3\">Saliscendi SG<\/th>\n<\/tr>\n<\/thead>\n<tbody class=\"row-hover\">\n<tr class=\"row-2 even\">\n\t<td class=\"column-1\">Codice<\/td><td class=\"column-2\">SSALIG39<\/td><td class=\"column-3\">SSALIG38<\/td>\n<\/tr>\n<tr class=\"row-3 odd\">\n\t<td class=\"column-1\">Altezza piattaforma<\/td><td class=\"column-2\">m 0,70<\/td><td class=\"column-3\">m 0,93<\/td>\n<\/tr>\n<tr class=\"row-4 even\">\n\t<td class=\"column-1\">Altezza lavoro<\/td><td class=\"column-2\">m 2,70<\/td><td class=\"column-3\">m 2,93<\/td>\n<\/tr>\n<tr class=\"row-5 odd\">\n\t<td class=\"column-1\">Dimensioni piattaforma<\/td><td class=\"column-2\">cm 130x70<\/td><td class=\"column-3\">cm 130x70<\/td>\n<\/tr>\n<\/tbody>\n<\/table>\n<!-- #tablepress-SaliscendiExtralarge from cache -->\n<p>Piattaforma in legno antisdrucciolo verniciato contro le intemperie con armatura in alluminio<br \/>\nTraversini antiflessione sui gradini pi\u00f9 lunghiCerniere di apertura con perno brevettato<br \/>\nTamponi in gomma antisdruccioloImballo in termoretraibile con poster<br \/>\nEtichette e manuale d\u2019uso e manutenzione<br \/>\nCertificato di collaudo secondo le normative italiane ed europee<br \/>\nApertura gambe a scatto con blocco automatico brevettato<br \/>\nIdeale per imbianchini, carrozzieri, posatori, muratori, controsoffittisti e giardinieri<br \/>\nPedata gradino cm 8Tamponi in PVC antisdrucciolo<br \/>\nAsola di presa per il trasportoVelcri di blocco di sicurezza delle gambe per il trasporto<\/p>\n<h3>Accessori optional (non applicabili su Saliscendi P)<\/h3>\n<p>Guardacorpo optional (cm):SSALIGC10 100SSALIGC13 130SSALIGC15 150SSALIGC18 180<\/p>\n<figure id=\"attachment_4294\" aria-describedby=\"caption-attachment-4294\" style=\"width: 300px\" class=\"wp-caption alignnone\"><a href=\"https:\/\/www.scaleinalluminio.it\/wp-content\/uploads\/image.VAIAI3_.png\"><img loading=\"lazy\" decoding=\"async\" class=\"size-medium wp-image-4294\" src=\"https:\/\/www.scaleinalluminio.it\/wp-content\/uploads\/image.VAIAI3_-300x251.png\" alt=\"Guardacorpo optional \" width=\"300\" height=\"251\" srcset=\"https:\/\/www.scaleinalluminio.it\/wp-content\/uploads\/image.VAIAI3_-300x251.png 300w, https:\/\/www.scaleinalluminio.it\/wp-content\/uploads\/image.VAIAI3_-324x271.png 324w, https:\/\/www.scaleinalluminio.it\/wp-content\/uploads\/image.VAIAI3_-416x349.png 416w, https:\/\/www.scaleinalluminio.it\/wp-content\/uploads\/image.VAIAI3_.png 450w\" sizes=\"auto, (max-width: 300px) 100vw, 300px\" \/><\/a><figcaption id=\"caption-attachment-4294\" class=\"wp-caption-text\">Guardacorpo optional<\/figcaption><\/figure>\n<p>Guardacorpo con fermepiede (cm):SSALIGCF10 100SSALIGCF13 130SSALIGCF15 150SSALIGCF18 180<\/p>\n<figure id=\"attachment_4293\" aria-describedby=\"caption-attachment-4293\" style=\"width: 170px\" class=\"wp-caption alignnone\"><a href=\"https:\/\/www.scaleinalluminio.it\/wp-content\/uploads\/image.1G38H3.png\"><img loading=\"lazy\" decoding=\"async\" class=\"size-full wp-image-4293\" src=\"https:\/\/www.scaleinalluminio.it\/wp-content\/uploads\/image.1G38H3.png\" alt=\"Guardacorpo con fermepiede\" width=\"170\" height=\"157\" \/><\/a><figcaption id=\"caption-attachment-4293\" class=\"wp-caption-text\">Guardacorpo con fermepiede<\/figcaption><\/figure>\n<p>Guardacorpo optional pieghevole a montaggio rapido cm 250(SSALIGC25)<\/p>\n<figure id=\"attachment_4295\" aria-describedby=\"caption-attachment-4295\" style=\"width: 232px\" class=\"wp-caption alignnone\"><a href=\"https:\/\/www.scaleinalluminio.it\/wp-content\/uploads\/image.9TVDI3.png\"><img loading=\"lazy\" decoding=\"async\" class=\"size-full wp-image-4295\" src=\"https:\/\/www.scaleinalluminio.it\/wp-content\/uploads\/image.9TVDI3.png\" alt=\"Guardacorpo optional pieghevole a montaggio rapido cm 250\" width=\"232\" height=\"65\" \/><\/a><figcaption id=\"caption-attachment-4295\" class=\"wp-caption-text\">Guardacorpo optional pieghevole a montaggio rapido cm 250<\/figcaption><\/figure>\n<p>Kit 2 Rotelle di spostamento (su uno o due lati) diametro 125 mm<\/p>\n<figure id=\"attachment_4297\" aria-describedby=\"caption-attachment-4297\" style=\"width: 178px\" class=\"wp-caption alignnone\"><a href=\"https:\/\/www.scaleinalluminio.it\/wp-content\/uploads\/image.POAOI3_.png\"><img loading=\"lazy\" decoding=\"async\" class=\"size-full wp-image-4297\" src=\"https:\/\/www.scaleinalluminio.it\/wp-content\/uploads\/image.POAOI3_.png\" alt=\"Kit 2 Rotelle di spostamento \" width=\"178\" height=\"157\" \/><\/a><figcaption id=\"caption-attachment-4297\" class=\"wp-caption-text\">Kit 2 Rotelle di spostamento<\/figcaption><\/figure>\n<p>Kit 4 ruote \u00d8 80 mm autofrenanti con molla.SALISCENDI P: cod. SSALIG34WDSALISCENDI M: cod. SSALIG35WDSALISCENDI G: cod. SSALIG37WDSALISCENDI MG130: cod. SSALIG41WD<\/p>\n<figure id=\"attachment_4296\" aria-describedby=\"caption-attachment-4296\" style=\"width: 136px\" class=\"wp-caption alignnone\"><a href=\"https:\/\/www.scaleinalluminio.it\/wp-content\/uploads\/image.S49MI3.png\"><img loading=\"lazy\" decoding=\"async\" class=\"size-full wp-image-4296\" src=\"https:\/\/www.scaleinalluminio.it\/wp-content\/uploads\/image.S49MI3.png\" alt=\"Kit 4 ruote \u00d8 80 mm autofrenanti con molla\" width=\"136\" height=\"155\" \/><\/a><figcaption id=\"caption-attachment-4296\" class=\"wp-caption-text\">Kit 4 ruote \u00d8 80 mm autofrenanti con molla<\/figcaption><\/figure>\n<p>N.B. a causa delle ruote a molla in fase di salita, discesa e movimen-to dell\u2019operatore lo sgabello pu\u00f2 avere un leggerissimo movimentoche non preclude n\u00e9 il buon funzionamento n\u00e9 la sicurezza.Pedane Speciali Su misura<\/p>\n<h3>IMMAGINI<\/h3>\n<figure id=\"attachment_4260\" aria-describedby=\"caption-attachment-4260\" style=\"width: 185px\" class=\"wp-caption alignnone\"><a href=\"https:\/\/www.scaleinalluminio.it\/wp-content\/uploads\/74a71d9f-6809-46b7-bdf7-3627a6015ea2_1.webp\"><img loading=\"lazy\" decoding=\"async\" class=\"size-medium wp-image-4260\" src=\"https:\/\/www.scaleinalluminio.it\/wp-content\/uploads\/74a71d9f-6809-46b7-bdf7-3627a6015ea2_1-185x300.webp\" alt=\"Piattaforma in alluminio saliscendi extralarge\" width=\"185\" height=\"300\" srcset=\"https:\/\/www.scaleinalluminio.it\/wp-content\/uploads\/74a71d9f-6809-46b7-bdf7-3627a6015ea2_1-185x300.webp 185w, https:\/\/www.scaleinalluminio.it\/wp-content\/uploads\/74a71d9f-6809-46b7-bdf7-3627a6015ea2_1-324x524.webp 324w, https:\/\/www.scaleinalluminio.it\/wp-content\/uploads\/74a71d9f-6809-46b7-bdf7-3627a6015ea2_1-416x673.webp 416w, https:\/\/www.scaleinalluminio.it\/wp-content\/uploads\/74a71d9f-6809-46b7-bdf7-3627a6015ea2_1.webp 618w\" sizes=\"auto, (max-width: 185px) 100vw, 185px\" \/><\/a><figcaption id=\"caption-attachment-4260\" class=\"wp-caption-text\">Piattaforma in alluminio saliscendi extralarge<\/figcaption><\/figure>\n<figure id=\"attachment_4259\" aria-describedby=\"caption-attachment-4259\" style=\"width: 300px\" class=\"wp-caption alignnone\"><a href=\"https:\/\/www.scaleinalluminio.it\/wp-content\/uploads\/53deef0d-2d8e-42a4-bae1-a3ad6e49b63d_1-2.webp\"><img loading=\"lazy\" decoding=\"async\" class=\"size-medium wp-image-4259\" src=\"https:\/\/www.scaleinalluminio.it\/wp-content\/uploads\/53deef0d-2d8e-42a4-bae1-a3ad6e49b63d_1-2-300x217.webp\" alt=\"Piattaforma in alluminio saliscendi extralarge\" width=\"300\" height=\"217\" srcset=\"https:\/\/www.scaleinalluminio.it\/wp-content\/uploads\/53deef0d-2d8e-42a4-bae1-a3ad6e49b63d_1-2-300x217.webp 300w, https:\/\/www.scaleinalluminio.it\/wp-content\/uploads\/53deef0d-2d8e-42a4-bae1-a3ad6e49b63d_1-2-768x556.webp 768w, https:\/\/www.scaleinalluminio.it\/wp-content\/uploads\/53deef0d-2d8e-42a4-bae1-a3ad6e49b63d_1-2-324x235.webp 324w, https:\/\/www.scaleinalluminio.it\/wp-content\/uploads\/53deef0d-2d8e-42a4-bae1-a3ad6e49b63d_1-2-416x301.webp 416w, https:\/\/www.scaleinalluminio.it\/wp-content\/uploads\/53deef0d-2d8e-42a4-bae1-a3ad6e49b63d_1-2.webp 1000w\" sizes=\"auto, (max-width: 300px) 100vw, 300px\" \/><\/a><figcaption id=\"caption-attachment-4259\" class=\"wp-caption-text\">Piattaforma in alluminio saliscendi extralarge<\/figcaption><\/figure>\n<figure id=\"attachment_4257\" aria-describedby=\"caption-attachment-4257\" style=\"width: 300px\" class=\"wp-caption alignnone\"><a href=\"https:\/\/www.scaleinalluminio.it\/wp-content\/uploads\/daa9919c-2fd4-453a-b731-932177dc3b84_1-3.webp\"><img loading=\"lazy\" decoding=\"async\" class=\"size-medium wp-image-4257\" src=\"https:\/\/www.scaleinalluminio.it\/wp-content\/uploads\/daa9919c-2fd4-453a-b731-932177dc3b84_1-3-300x191.webp\" alt=\"Piattaforma in alluminio saliscendi extralarge\" width=\"300\" height=\"191\" srcset=\"https:\/\/www.scaleinalluminio.it\/wp-content\/uploads\/daa9919c-2fd4-453a-b731-932177dc3b84_1-3-300x191.webp 300w, https:\/\/www.scaleinalluminio.it\/wp-content\/uploads\/daa9919c-2fd4-453a-b731-932177dc3b84_1-3.webp 312w\" sizes=\"auto, (max-width: 300px) 100vw, 300px\" \/><\/a><figcaption id=\"caption-attachment-4257\" class=\"wp-caption-text\">Piattaforma in alluminio saliscendi extralarge<\/figcaption><\/figure>\n<figure id=\"attachment_4256\" aria-describedby=\"caption-attachment-4256\" style=\"width: 300px\" class=\"wp-caption alignnone\"><a href=\"https:\/\/www.scaleinalluminio.it\/wp-content\/uploads\/c8c0be56-a6cf-4c42-98e0-37e6a9f20135_1.webp\"><img loading=\"lazy\" decoding=\"async\" class=\"size-medium wp-image-4256\" src=\"https:\/\/www.scaleinalluminio.it\/wp-content\/uploads\/c8c0be56-a6cf-4c42-98e0-37e6a9f20135_1-300x225.webp\" alt=\"Piattaforma in alluminio saliscendi extralarge\" width=\"300\" height=\"225\" srcset=\"https:\/\/www.scaleinalluminio.it\/wp-content\/uploads\/c8c0be56-a6cf-4c42-98e0-37e6a9f20135_1-300x225.webp 300w, https:\/\/www.scaleinalluminio.it\/wp-content\/uploads\/c8c0be56-a6cf-4c42-98e0-37e6a9f20135_1-768x576.webp 768w, https:\/\/www.scaleinalluminio.it\/wp-content\/uploads\/c8c0be56-a6cf-4c42-98e0-37e6a9f20135_1-324x243.webp 324w, https:\/\/www.scaleinalluminio.it\/wp-content\/uploads\/c8c0be56-a6cf-4c42-98e0-37e6a9f20135_1-416x312.webp 416w, https:\/\/www.scaleinalluminio.it\/wp-content\/uploads\/c8c0be56-a6cf-4c42-98e0-37e6a9f20135_1.webp 1000w\" sizes=\"auto, (max-width: 300px) 100vw, 300px\" \/><\/a><figcaption id=\"caption-attachment-4256\" class=\"wp-caption-text\">Piattaforma in alluminio saliscendi extralarge<\/figcaption><\/figure>\n<p>&nbsp;<\/p>\n","protected":false},"excerpt":{"rendered":"<p>Piattaforma saliscendi SM250 130&#215;70 extralarge pedana cm 130&#215;70. Altezza piattaforma m 0,70<\/p>\n","protected":false},"featured_media":4260,"template":"","meta":[],"product_cat":[848],"product_tag":[],"class_list":["post-4220","product","type-product","status-publish","has-post-thumbnail","hentry","product_cat-saliscendi","product_shipping_class-sda4","pa_altezza-piano-851","pa_certficazione-d-lgs-81-2008"],"_links":{"self":[{"href":"https:\/\/www.scaleinalluminio.it\/pedane\/wp-json\/wp\/v2\/product\/4220","targetHints":{"allow":["GET"]}}],"collection":[{"href":"https:\/\/www.scaleinalluminio.it\/pedane\/wp-json\/wp\/v2\/product"}],"about":[{"href":"https:\/\/www.scaleinalluminio.it\/pedane\/wp-json\/wp\/v2\/types\/product"}],"wp:featuredmedia":[{"embeddable":true,"href":"https:\/\/www.scaleinalluminio.it\/pedane\/wp-json\/wp\/v2\/media\/4260"}],"wp:attachment":[{"href":"https:\/\/www.scaleinalluminio.it\/pedane\/wp-json\/wp\/v2\/media?parent=4220"}],"wp:term":[{"taxonomy":"product_cat","embeddable":true,"href":"https:\/\/www.scaleinalluminio.it\/pedane\/wp-json\/wp\/v2\/product_cat?post=4220"},{"taxonomy":"product_tag","embeddable":true,"href":"https:\/\/www.scaleinalluminio.it\/pedane\/wp-json\/wp\/v2\/product_tag?post=4220"}],"curies":[{"name":"wp","href":"https:\/\/api.w.org\/{rel}","templated":true}]}}