{"id":4217,"date":"2026-01-06T23:16:25","date_gmt":"2026-01-06T22:16:25","guid":{"rendered":"https:\/\/www.scaleinalluminio.it\/pedane2\/?post_type=product&#038;p=4217"},"modified":"2026-01-07T23:25:42","modified_gmt":"2026-01-07T22:25:42","slug":"piattaforma-saliscendi-lp250-250x45","status":"publish","type":"product","link":"https:\/\/www.scaleinalluminio.it\/pedane\/saliscendi\/piattaforma-saliscendi-lp250-250x45","title":{"rendered":"Piattaforma saliscendi LP250 250&#215;45"},"content":{"rendered":"<p>Pedane speciali Piccola Media e Grande con piattaforma cm 250&#215;45<br \/>\nPer utilizzo professionale \u00e8 costruita in alluminio estruso nervato.<br \/>\nI gradini sono saldati ai montanti per creare un monolito ultraresistente.<br \/>\nPresenta una lunghezza maggiorata (250 cm) rispetto al modello standard per potersi pi\u00f9 comodamente spostare lateralmente alla zona di intervento.<br \/>\nProgettato per comodo muratori, controsoffittisti, imbianchini e stuccatori.<br \/>\nE\u2019 ideale soprattutto per i carrozzieri poich\u00e9 consente di verniciare con continuit\u00e0 i tetti delle monovolume e dei fuoristrada senza mai staccare il flusso della vernice.<br \/>\nE&#8217; richiudibile con cerniera e blocco di sicurezza e le gambe della pedana si aprono e si chiudono con estrema facilit\u00e0.<br \/>\nE\u2019 dotato di piano di calpestio in legno antisdrucciolo verniciato resistente alle intemperie.<\/p>\n\n<table id=\"tablepress-Saliscendi250\" class=\"tablepress tablepress-id-Saliscendi250\">\n<thead>\n<tr class=\"row-1 odd\">\n\t<th class=\"column-1\"><\/th><th class=\"column-2\">Saliscendi LP<\/th><th class=\"column-3\">Saliscendi LM<\/th><th class=\"column-4\">Saliscendi LG<\/th>\n<\/tr>\n<\/thead>\n<tbody class=\"row-hover\">\n<tr class=\"row-2 even\">\n\t<td class=\"column-1\">Codice<\/td><td class=\"column-2\">SSALIG46<\/td><td class=\"column-3\">SSALIG40<\/td><td class=\"column-4\">SSALIG47<\/td>\n<\/tr>\n<tr class=\"row-3 odd\">\n\t<td class=\"column-1\">Altezza piattaforma<\/td><td class=\"column-2\">m 0,30<\/td><td class=\"column-3\">m 0,52<\/td><td class=\"column-4\">m 0,87<\/td>\n<\/tr>\n<tr class=\"row-4 even\">\n\t<td class=\"column-1\">Altezza lavoro<\/td><td class=\"column-2\">m 2,30<\/td><td class=\"column-3\">m 2,50<\/td><td class=\"column-4\">m 2,87<\/td>\n<\/tr>\n<tr class=\"row-5 odd\">\n\t<td class=\"column-1\">Dimensioni piattaforma<\/td><td class=\"column-2\">cm 250x45<\/td><td class=\"column-3\">cm 250x45<\/td><td class=\"column-4\">cm 250x45<\/td>\n<\/tr>\n<\/tbody>\n<\/table>\n<!-- #tablepress-Saliscendi250 from cache -->\n<p>Piattaforma in legno antisdrucciolo verniciato contro le intemperie con armatura in alluminio<br \/>\nTraversini antiflessione sui gradini pi\u00f9 lunghiCerniere di apertura con perno brevettato<br \/>\nTamponi in gomma antisdruccioloImballo in termoretraibile con poster<br \/>\nEtichette e manuale d\u2019uso e manutenzione<br \/>\nCertificato di collaudo secondo le normative italiane ed europee<br \/>\nApertura gambe a scatto con blocco automatico brevettato<br \/>\nIdeale per imbianchini, carrozzieri, posatori, muratori, controsoffittisti e giardinieri<br \/>\nPedata gradino cm 8Tamponi in PVC antisdrucciolo<br \/>\nAsola di presa per il trasportoVelcri di blocco di sicurezza delle gambe per il trasporto<\/p>\n<h3>Accessori optional (non applicabili su Saliscendi P)<\/h3>\n<p>Guardacorpo optional (cm):SSALIGC10 100SSALIGC13 130SSALIGC15 150SSALIGC18 180<\/p>\n<figure id=\"attachment_4294\" aria-describedby=\"caption-attachment-4294\" style=\"width: 300px\" class=\"wp-caption alignnone\"><a href=\"https:\/\/www.scaleinalluminio.it\/wp-content\/uploads\/image.VAIAI3_.png\"><img loading=\"lazy\" decoding=\"async\" class=\"size-medium wp-image-4294\" src=\"https:\/\/www.scaleinalluminio.it\/wp-content\/uploads\/image.VAIAI3_-300x251.png\" alt=\"Guardacorpo optional \" width=\"300\" height=\"251\" srcset=\"https:\/\/www.scaleinalluminio.it\/wp-content\/uploads\/image.VAIAI3_-300x251.png 300w, https:\/\/www.scaleinalluminio.it\/wp-content\/uploads\/image.VAIAI3_-324x271.png 324w, https:\/\/www.scaleinalluminio.it\/wp-content\/uploads\/image.VAIAI3_-416x349.png 416w, https:\/\/www.scaleinalluminio.it\/wp-content\/uploads\/image.VAIAI3_.png 450w\" sizes=\"auto, (max-width: 300px) 100vw, 300px\" \/><\/a><figcaption id=\"caption-attachment-4294\" class=\"wp-caption-text\">Guardacorpo optional<\/figcaption><\/figure>\n<p>Guardacorpo con fermepiede (cm):SSALIGCF10 100SSALIGCF13 130SSALIGCF15 150SSALIGCF18 180<\/p>\n<figure id=\"attachment_4293\" aria-describedby=\"caption-attachment-4293\" style=\"width: 170px\" class=\"wp-caption alignnone\"><a href=\"https:\/\/www.scaleinalluminio.it\/wp-content\/uploads\/image.1G38H3.png\"><img loading=\"lazy\" decoding=\"async\" class=\"size-full wp-image-4293\" src=\"https:\/\/www.scaleinalluminio.it\/wp-content\/uploads\/image.1G38H3.png\" alt=\"Guardacorpo con fermepiede\" width=\"170\" height=\"157\" \/><\/a><figcaption id=\"caption-attachment-4293\" class=\"wp-caption-text\">Guardacorpo con fermepiede<\/figcaption><\/figure>\n<p>Guardacorpo optional pieghevole a montaggio rapido cm 250(SSALIGC25)<\/p>\n<figure id=\"attachment_4295\" aria-describedby=\"caption-attachment-4295\" style=\"width: 232px\" class=\"wp-caption alignnone\"><a href=\"https:\/\/www.scaleinalluminio.it\/wp-content\/uploads\/image.9TVDI3.png\"><img loading=\"lazy\" decoding=\"async\" class=\"size-full wp-image-4295\" src=\"https:\/\/www.scaleinalluminio.it\/wp-content\/uploads\/image.9TVDI3.png\" alt=\"Guardacorpo optional pieghevole a montaggio rapido cm 250\" width=\"232\" height=\"65\" \/><\/a><figcaption id=\"caption-attachment-4295\" class=\"wp-caption-text\">Guardacorpo optional pieghevole a montaggio rapido cm 250<\/figcaption><\/figure>\n<p>Kit 2 Rotelle di spostamento (su uno o due lati) diametro 125 mm<\/p>\n<figure id=\"attachment_4297\" aria-describedby=\"caption-attachment-4297\" style=\"width: 178px\" class=\"wp-caption alignnone\"><a href=\"https:\/\/www.scaleinalluminio.it\/wp-content\/uploads\/image.POAOI3_.png\"><img loading=\"lazy\" decoding=\"async\" class=\"size-full wp-image-4297\" src=\"https:\/\/www.scaleinalluminio.it\/wp-content\/uploads\/image.POAOI3_.png\" alt=\"Kit 2 Rotelle di spostamento \" width=\"178\" height=\"157\" \/><\/a><figcaption id=\"caption-attachment-4297\" class=\"wp-caption-text\">Kit 2 Rotelle di spostamento<\/figcaption><\/figure>\n<p>Kit 4 ruote \u00d8 80 mm autofrenanti con molla.SALISCENDI P: cod. SSALIG34WDSALISCENDI M: cod. SSALIG35WDSALISCENDI G: cod. SSALIG37WDSALISCENDI MG130: cod. SSALIG41WD<\/p>\n<figure id=\"attachment_4296\" aria-describedby=\"caption-attachment-4296\" style=\"width: 136px\" class=\"wp-caption alignnone\"><a href=\"https:\/\/www.scaleinalluminio.it\/wp-content\/uploads\/image.S49MI3.png\"><img loading=\"lazy\" decoding=\"async\" class=\"size-full wp-image-4296\" src=\"https:\/\/www.scaleinalluminio.it\/wp-content\/uploads\/image.S49MI3.png\" alt=\"Kit 4 ruote \u00d8 80 mm autofrenanti con molla\" width=\"136\" height=\"155\" \/><\/a><figcaption id=\"caption-attachment-4296\" class=\"wp-caption-text\">Kit 4 ruote \u00d8 80 mm autofrenanti con molla<\/figcaption><\/figure>\n<p>N.B. a causa delle ruote a molla in fase di salita, discesa e movimen-to dell\u2019operatore lo sgabello pu\u00f2 avere un leggerissimo movimentoche non preclude n\u00e9 il buon funzionamento n\u00e9 la sicurezza.Pedane Speciali Su misura<\/p>\n<h3>IMMAGINI<\/h3>\n<figure id=\"attachment_4255\" aria-describedby=\"caption-attachment-4255\" style=\"width: 300px\" class=\"wp-caption alignnone\"><a href=\"https:\/\/www.scaleinalluminio.it\/wp-content\/uploads\/f28fe3ae-7444-4170-ac25-4f3295467a9e_1-1.webp\"><img loading=\"lazy\" decoding=\"async\" src=\"https:\/\/www.scaleinalluminio.it\/wp-content\/uploads\/f28fe3ae-7444-4170-ac25-4f3295467a9e_1-1-300x250.webp\" alt=\"Piattaforma in alluminio saliscendi 250\" width=\"300\" height=\"250\" class=\"size-medium wp-image-4255\" srcset=\"https:\/\/www.scaleinalluminio.it\/wp-content\/uploads\/f28fe3ae-7444-4170-ac25-4f3295467a9e_1-1-300x250.webp 300w, https:\/\/www.scaleinalluminio.it\/wp-content\/uploads\/f28fe3ae-7444-4170-ac25-4f3295467a9e_1-1-768x640.webp 768w, https:\/\/www.scaleinalluminio.it\/wp-content\/uploads\/f28fe3ae-7444-4170-ac25-4f3295467a9e_1-1-324x270.webp 324w, https:\/\/www.scaleinalluminio.it\/wp-content\/uploads\/f28fe3ae-7444-4170-ac25-4f3295467a9e_1-1-416x347.webp 416w, https:\/\/www.scaleinalluminio.it\/wp-content\/uploads\/f28fe3ae-7444-4170-ac25-4f3295467a9e_1-1.webp 1000w\" sizes=\"auto, (max-width: 300px) 100vw, 300px\" \/><\/a><figcaption id=\"caption-attachment-4255\" class=\"wp-caption-text\">Piattaforma in alluminio saliscendi 250<\/figcaption><\/figure>\n<figure id=\"attachment_4254\" aria-describedby=\"caption-attachment-4254\" style=\"width: 300px\" class=\"wp-caption alignnone\"><a href=\"https:\/\/www.scaleinalluminio.it\/wp-content\/uploads\/daa9919c-2fd4-453a-b731-932177dc3b84_1-2.webp\"><img loading=\"lazy\" decoding=\"async\" src=\"https:\/\/www.scaleinalluminio.it\/wp-content\/uploads\/daa9919c-2fd4-453a-b731-932177dc3b84_1-2-300x191.webp\" alt=\"Piattaforma in alluminio saliscendi 250\" width=\"300\" height=\"191\" class=\"size-medium wp-image-4254\" srcset=\"https:\/\/www.scaleinalluminio.it\/wp-content\/uploads\/daa9919c-2fd4-453a-b731-932177dc3b84_1-2-300x191.webp 300w, https:\/\/www.scaleinalluminio.it\/wp-content\/uploads\/daa9919c-2fd4-453a-b731-932177dc3b84_1-2.webp 312w\" sizes=\"auto, (max-width: 300px) 100vw, 300px\" \/><\/a><figcaption id=\"caption-attachment-4254\" class=\"wp-caption-text\">Piattaforma in alluminio saliscendi 250<\/figcaption><\/figure>\n<figure id=\"attachment_4253\" aria-describedby=\"caption-attachment-4253\" style=\"width: 300px\" class=\"wp-caption alignnone\"><a href=\"https:\/\/www.scaleinalluminio.it\/wp-content\/uploads\/9547df29-2e4b-4d86-a41a-fcd109773695_1.webp\"><img loading=\"lazy\" decoding=\"async\" src=\"https:\/\/www.scaleinalluminio.it\/wp-content\/uploads\/9547df29-2e4b-4d86-a41a-fcd109773695_1-300x150.webp\" alt=\"Piattaforma in alluminio saliscendi 250\" width=\"300\" height=\"150\" class=\"size-medium wp-image-4253\" srcset=\"https:\/\/www.scaleinalluminio.it\/wp-content\/uploads\/9547df29-2e4b-4d86-a41a-fcd109773695_1-300x150.webp 300w, https:\/\/www.scaleinalluminio.it\/wp-content\/uploads\/9547df29-2e4b-4d86-a41a-fcd109773695_1-324x162.webp 324w, https:\/\/www.scaleinalluminio.it\/wp-content\/uploads\/9547df29-2e4b-4d86-a41a-fcd109773695_1-416x208.webp 416w, https:\/\/www.scaleinalluminio.it\/wp-content\/uploads\/9547df29-2e4b-4d86-a41a-fcd109773695_1.webp 600w\" sizes=\"auto, (max-width: 300px) 100vw, 300px\" \/><\/a><figcaption id=\"caption-attachment-4253\" class=\"wp-caption-text\">Piattaforma in alluminio saliscendi 250<\/figcaption><\/figure>\n<figure id=\"attachment_4252\" aria-describedby=\"caption-attachment-4252\" style=\"width: 300px\" class=\"wp-caption alignnone\"><a href=\"https:\/\/www.scaleinalluminio.it\/wp-content\/uploads\/53deef0d-2d8e-42a4-bae1-a3ad6e49b63d_1-1.webp\"><img loading=\"lazy\" decoding=\"async\" src=\"https:\/\/www.scaleinalluminio.it\/wp-content\/uploads\/53deef0d-2d8e-42a4-bae1-a3ad6e49b63d_1-1-300x217.webp\" alt=\"Piattaforma in alluminio saliscendi 250\" width=\"300\" height=\"217\" class=\"size-medium wp-image-4252\" srcset=\"https:\/\/www.scaleinalluminio.it\/wp-content\/uploads\/53deef0d-2d8e-42a4-bae1-a3ad6e49b63d_1-1-300x217.webp 300w, https:\/\/www.scaleinalluminio.it\/wp-content\/uploads\/53deef0d-2d8e-42a4-bae1-a3ad6e49b63d_1-1-768x556.webp 768w, https:\/\/www.scaleinalluminio.it\/wp-content\/uploads\/53deef0d-2d8e-42a4-bae1-a3ad6e49b63d_1-1-324x235.webp 324w, https:\/\/www.scaleinalluminio.it\/wp-content\/uploads\/53deef0d-2d8e-42a4-bae1-a3ad6e49b63d_1-1-416x301.webp 416w, https:\/\/www.scaleinalluminio.it\/wp-content\/uploads\/53deef0d-2d8e-42a4-bae1-a3ad6e49b63d_1-1.webp 1000w\" sizes=\"auto, (max-width: 300px) 100vw, 300px\" \/><\/a><figcaption id=\"caption-attachment-4252\" class=\"wp-caption-text\">Piattaforma in alluminio saliscendi 250<\/figcaption><\/figure>\n<figure id=\"attachment_4251\" aria-describedby=\"caption-attachment-4251\" style=\"width: 206px\" class=\"wp-caption alignnone\"><a href=\"https:\/\/www.scaleinalluminio.it\/wp-content\/uploads\/0ce98f10-c58a-45da-a569-052729512042_1.webp\"><img loading=\"lazy\" decoding=\"async\" src=\"https:\/\/www.scaleinalluminio.it\/wp-content\/uploads\/0ce98f10-c58a-45da-a569-052729512042_1-206x300.webp\" alt=\"Piattaforma in alluminio saliscendi 250\" width=\"206\" height=\"300\" class=\"size-medium wp-image-4251\" srcset=\"https:\/\/www.scaleinalluminio.it\/wp-content\/uploads\/0ce98f10-c58a-45da-a569-052729512042_1-206x300.webp 206w, https:\/\/www.scaleinalluminio.it\/wp-content\/uploads\/0ce98f10-c58a-45da-a569-052729512042_1-324x471.webp 324w, https:\/\/www.scaleinalluminio.it\/wp-content\/uploads\/0ce98f10-c58a-45da-a569-052729512042_1-416x605.webp 416w, https:\/\/www.scaleinalluminio.it\/wp-content\/uploads\/0ce98f10-c58a-45da-a569-052729512042_1.webp 688w\" sizes=\"auto, (max-width: 206px) 100vw, 206px\" \/><\/a><figcaption id=\"caption-attachment-4251\" class=\"wp-caption-text\">Piattaforma in alluminio saliscendi 250<\/figcaption><\/figure>\n","protected":false},"excerpt":{"rendered":"<p>Piattaforma saliscendi LP250 250&#215;45 pedana cm 250&#215;45. Altezza piattaforma m 0,30 cm<\/p>\n","protected":false},"featured_media":4251,"template":"","meta":[],"product_cat":[848],"product_tag":[],"class_list":["post-4217","product","type-product","status-publish","has-post-thumbnail","hentry","product_cat-saliscendi","product_shipping_class-sda4","pa_altezza-piano-849","pa_certficazione-d-lgs-81-2008"],"_links":{"self":[{"href":"https:\/\/www.scaleinalluminio.it\/pedane\/wp-json\/wp\/v2\/product\/4217","targetHints":{"allow":["GET"]}}],"collection":[{"href":"https:\/\/www.scaleinalluminio.it\/pedane\/wp-json\/wp\/v2\/product"}],"about":[{"href":"https:\/\/www.scaleinalluminio.it\/pedane\/wp-json\/wp\/v2\/types\/product"}],"wp:featuredmedia":[{"embeddable":true,"href":"https:\/\/www.scaleinalluminio.it\/pedane\/wp-json\/wp\/v2\/media\/4251"}],"wp:attachment":[{"href":"https:\/\/www.scaleinalluminio.it\/pedane\/wp-json\/wp\/v2\/media?parent=4217"}],"wp:term":[{"taxonomy":"product_cat","embeddable":true,"href":"https:\/\/www.scaleinalluminio.it\/pedane\/wp-json\/wp\/v2\/product_cat?post=4217"},{"taxonomy":"product_tag","embeddable":true,"href":"https:\/\/www.scaleinalluminio.it\/pedane\/wp-json\/wp\/v2\/product_tag?post=4217"}],"curies":[{"name":"wp","href":"https:\/\/api.w.org\/{rel}","templated":true}]}}